{"id":1362,"date":"2022-08-16T08:29:14","date_gmt":"2022-08-16T08:29:14","guid":{"rendered":"https:\/\/www.viversgardenmoner.com\/avis-legal\/"},"modified":"2022-08-16T08:29:14","modified_gmt":"2022-08-16T08:29:14","slug":"avis-legal","status":"publish","type":"page","link":"https:\/\/viversgardenmoner.com\/fr\/avis-legal\/","title":{"rendered":"Av\u00eds legal"},"content":{"rendered":"\t\t<div data-elementor-type=\"wp-page\" data-elementor-id=\"1362\" class=\"elementor elementor-1362 elementor-748\" data-elementor-post-type=\"page\">\n\t\t\t\t\t\t<section class=\"elementor-section elementor-top-section elementor-element elementor-element-b70d7f2 elementor-section-boxed elementor-section-height-default elementor-section-height-default\" data-id=\"b70d7f2\" data-element_type=\"section\" data-e-type=\"section\">\n\t\t\t\t\t\t<div class=\"elementor-container elementor-column-gap-default\">\n\t\t\t\t\t<div class=\"elementor-column elementor-col-100 elementor-top-column elementor-element elementor-element-db7bd0a\" data-id=\"db7bd0a\" data-element_type=\"column\" data-e-type=\"column\">\n\t\t\t<div class=\"elementor-widget-wrap elementor-element-populated\">\n\t\t\t\t\t\t<div class=\"elementor-element elementor-element-03f4a57 elementor-widget elementor-widget-text-editor\" data-id=\"03f4a57\" data-element_type=\"widget\" data-e-type=\"widget\" data-widget_type=\"text-editor.default\">\n\t\t\t\t<div class=\"elementor-widget-container\">\n\t\t\t\t\t\t\t\t\t<p><b>Dades identificatives<\/b><\/p><p>1. Vost\u00e8 est\u00e0 visitant la p\u00e0gina web\u00a0viversgardenmoner.com\u00a0titularitat de\u00a0VIVERS GARDEN MONER\u00a0amb domicili social en\u00a0Carretera Orriols, 15 &#8212; 17130 L&rsquo;Escala\u00a0amb CIF\u00a0B17929464\u00a0inscrita en el Registre Mercantil de\u00a0Girona\u00a0en el\u00a0, d&rsquo;ara endavant EL TITULAR.<\/p><p>Pot contactar amb el TITULAR per qualsevol dels seg\u00fcents mitjans:<\/p><p>Tel\u00e8fon:\u00a0+34 972 77 13 26<\/p><p>Correu electr\u00f2nic de contacte:\u00a0<span id=\"cloake782de8000abd15c0fd1866da0867c3e\"><a href=\"mailto:viversgardenmoner@gmail.com\">viversgardenmoner@gmail.com<\/a><\/span><\/p><p><b style=\"background-color: var(--base-3); color: var(--contrast);\">Usuaris<\/b><\/p><p>2. Les presents condicions (d&rsquo;ara endavant Av\u00eds Legal) t\u00e9 per finalitat regular l&rsquo;\u00fas de la p\u00e0gina web del TITULAR que posa a la disposici\u00f3 del p\u00fablic.<\/p><p>L&rsquo;acc\u00e9s i\/o \u00fas d&rsquo;aquesta p\u00e0gina web atribueix la condici\u00f3 d&rsquo;USUARI, que accepta, des d&rsquo;aquest acc\u00e9s i\/o \u00fas, les condicions generals d&rsquo;\u00fas aqu\u00ed reflectides. Les citades condicions seran aplicable independentment de les condicions generals de contractaci\u00f3 que si escau resultin d&rsquo;obligat compliment.<\/p><p><b>\u00das del portal<\/b><\/p><p>3.\u00a0viversgardenmoner.com\u00a0proporciona l&rsquo;acc\u00e9s a multitud d&rsquo;informacions, serveis, programes o dades (d&rsquo;ara endavant, \u201cels continguts\u201d) en Internet pertanyents al TITULAR o als seus llicenciadors als quals l&rsquo;USUARI pot tenir acc\u00e9s.<\/p><p>L&rsquo;usuari assumeix la responsabilitat de l&rsquo;\u00fas del portal. Aquesta responsabilitat s&rsquo;est\u00e9n al registre que an\u00e9s necessari per accedir a determinats serveis o continguts. En aquest registre l&rsquo;USUARI ser\u00e0 responsable d&rsquo;aportar informaci\u00f3 vera\u00e7 i l\u00edcita. Com a conseq\u00fc\u00e8ncia d&rsquo;aquest registre, a l&rsquo;USUARI se li pot proporcionar una contrasenya de la qual ser\u00e0 responsable, comprometent-se a fer un \u00fas diligent i confidencial de la mateixa.<\/p><p>\u00a0<\/p><p>L&rsquo;USUARI es compromet a fer un \u00fas adequat dels continguts i serveis (p.i. serveis de xat, f\u00f2rums de discussi\u00f3 o grups de not\u00edcies) que EL TITULAR ofereix a trav\u00e9s del seu portal i amb car\u00e0cter enunciatiu per\u00f2 no limitatiu, a no emprar-los para:<\/p><ul><li>Inc\u00f3rrer en activitats il\u00b7l\u00edcites, il\u00b7legals o contr\u00e0ries a la bona fe i a l&rsquo;ordre p\u00fablic.<\/li><li>Difondre continguts o propaganda racista, xen\u00f2foba, pornogr\u00e0fic-il\u00b7legal, d&rsquo;apologia del terrorisme o atemptat\u00f2ria contra els drets humans.<\/li><li>Provocar danys en els sistemes f\u00edsics i l\u00f2gics de [Nom de l&#8217;empresa], dels seus prove\u00efdors o de terceres persones, introduir o difondre en l xarxa virus inform\u00e0tics o qualssevol altres sistemes f\u00edsics o l\u00f2gics que siguin susceptibles de provocar els danys anteriorment esmentats.<\/li><li>Intentar accedir i, si escau, utilitzar els comptes de correu electr\u00f2nic d&rsquo;altres usuaris i modificar o manipular els seus missatges.<\/li><li>Utilitzar el lloc web ni les informacions que en ell es contenen amb finalitats comercials, pol\u00edtics, publicitaris i per a qualsevol \u00fas comercial, sobretot en l&rsquo;enviament de correus electr\u00f2nics no sol\u00b7licitats.<\/li><\/ul><p>\u00a0<\/p><p>EL TITULAR es reserva el dret a retirar tots aquells comentaris i aportacions que vulnerin el respecte a la dignitat de la persona, que siguin discriminatoris, xen\u00f2fobs, racistes pornogr\u00e0fics, que atemptin contra la joventut o la inf\u00e0ncia, l&rsquo;ordre o la seguretat p\u00fablica o que, al seu judici, no resultaran adequats per a la seva publicaci\u00f3. En qualsevol cas, EL TITULAR no ser\u00e0 responsable de les opinions abocades pels usuaris a trav\u00e9s dels f\u00f2rums, xats, o altres eines de participaci\u00f3.<\/p><p><b>Protecci\u00f3 de dades<\/b><\/p><p>4. Tot el relatiu a la pol\u00edtica de protecci\u00f3 de dades es troba recollit en el document de pol\u00edtica de privadesa.<\/p><p><b>Continguts. Propietat intel\u00b7lectual i industrial<\/b><\/p><p>5. EL TITULAR \u00e9s propietari de tots els drets de propietat intel\u00b7lectual i industrial de la seva p\u00e0gina web, aix\u00ed com dels elements continguts en la mateixa (a t\u00edtol enunciatiu: imatges, fotografies, so, \u00e0udio, v\u00eddeo, programari o textos; marques o logotips, combinacions de colors, estructura i disseny, selecci\u00f3 de materials usats, programes d&rsquo;ordinador necessaris per al seu funcionament, acc\u00e9s i \u00fas, etc), titularitat del TITULAR o b\u00e9 dels seus llicenciadors.<\/p><p>Tots els drets reservats. En virtut del que es disposa en els articles 8 i 32.1, par\u00e0graf segon, de la Llei de Propietat Intel\u00b7lectual, queden expressament prohibides la reproducci\u00f3, la distribuci\u00f3 i la comunicaci\u00f3 p\u00fablica, inclosa la seva modalitat de posada a disposici\u00f3, de la totalitat o part dels continguts d&rsquo;aquesta p\u00e0gina web, amb finalitats comercials, en qualsevol suport i per qualsevol mitj\u00e0 t\u00e8cnic, sense l&rsquo;autoritzaci\u00f3 del TITULAR.<\/p><p>\u00a0<\/p><p><b>Exclusi\u00f3 de garanties i responsabilitat<\/b><\/p><p>6. L&rsquo;USUARI reconeix que la utilitzaci\u00f3 de la p\u00e0gina web i dels seus continguts i serveis es desenvolupa sota la seva exclusiva responsabilitat. En concret, a t\u00edtol merament enunciatiu, EL TITULAR no assumeix cap responsabilitat en els seg\u00fcents \u00e0mbits:<\/p><p>a) La disponibilitat del funcionament de la p\u00e0gina web, els seus serveis i continguts i la seva qualitat o interoperabilitat.<\/p><p>b) La finalitat per la qual la p\u00e0gina web serveixi als objectius de l&rsquo;USUARI.<\/p><p>c) La infracci\u00f3 de la legislaci\u00f3 vigent per part de l&rsquo;USUARI o tercers i, en concret, dels drets de propietat intel\u00b7lectual i industrial que siguin titularitat d&rsquo;altres persones o entitats.<\/p><p>d) L&rsquo;exist\u00e8ncia de codis maliciosos o qualsevol altre element inform\u00e0tic nociu que pogu\u00e9s causar el sistema inform\u00e0tic de l&rsquo;USUARI o de tercers. Correspon a l&rsquo;USUARI, en tot cas, disposar d&rsquo;eines adequades per a la detecci\u00f3 i desinfecci\u00f3 d&rsquo;aquests elements.<\/p><p>i) L&rsquo;acc\u00e9s fraudulent als continguts o serveis per *terceos no autoritzats, o, si escau, la captura, eliminaci\u00f3, alteraci\u00f3, modificaci\u00f3 o manipulaci\u00f3 dels missatges i comunicacions de qualsevol classe que dites terceres pogu\u00e9s realitzar.<\/p><p>f) L&rsquo;exactitud, veracitat, actualitat i utilitat dels continguts i serveis oferts i la utilitzaci\u00f3 posterior que d&rsquo;ells faci l&rsquo;USUARI. EL TITULAR emprar\u00e0 tots els esfor\u00e7os i mitjans raonables per facilitar la informaci\u00f3 actualitzada i fefaent.<\/p><p>g) Els danys produ\u00efts a equips inform\u00e0tics durant l&rsquo;acc\u00e9s a la p\u00e0gina web i els danys produ\u00efts als USUARIS quan tinguin el seu origen en fallades o desconnexions a les xarxes de telecomunicacions que interrompin el servei.<\/p><p>h) Els danys o perjudicis que es derivin de circumst\u00e0ncies esdevingudes per cas fortu\u00eft o for\u00e7a major.<\/p><p>En cas que existeixin f\u00f2rums, l&rsquo;\u00fas dels mateixos o altres espais an\u00e0legs, ha de tenir-se en compte que els missatges reflecteixin \u00fanicament l&rsquo;opini\u00f3 de l&rsquo;USUARI que els remitent, que \u00e9s l&rsquo;\u00fanic responsable. EL TITULAR no es fa responsable del contingut de l&rsquo;els missatges enviats per l&rsquo;USUARI.<\/p><p><b>Modificaci\u00f3 d&rsquo;aquest av\u00eds legal i durada<\/b><\/p><p>7. EL TITULAR es reserva el dret d&rsquo;efectuar sense previ av\u00eds les modificacions que consideri oportunes al seu portal, podent canviar, suprimir o afegir tants continguts i serveis que es prestin a trav\u00e9s de la mateixa, com la forma en la qual aquests apareguin representats o localitzats al seu portal.<\/p><p>La vig\u00e8ncia de les citades condicions anir\u00e0 en funci\u00f3 de la seva exposici\u00f3 i estaran vigents fins que siguin modificades per unes altres degudament publicades.<\/p><p>\u00a0<\/p><p><b>Enlla\u00e7os<\/b><\/p><p>8. En el cas que en\u00a0viversgardenmoner.com\u00a0s&rsquo;incloguessin enlla\u00e7os o *hiperv\u00ednculos cap a altres llocs d&rsquo;Internet, EL TITULAR no exercir\u00e0 cap tipus de control sobre aquests llocs i continguts. En cap cas EL TITULAR assumir\u00e0 responsabilitat alguna pels continguts d&rsquo;algun enlla\u00e7 pertanyent a un lloc web ali\u00e8, ni garantir\u00e0 la disponibilitat t\u00e8cnica, qualitat, fiabilitat, exactitud, amplitud, veracitat, validesa i constitucionalitat de qualsevol mat\u00e8ria o informaci\u00f3 continguda en cap d&rsquo;aquests *hiperv\u00ednculos i altres llocs en Internet. Igualment, la inclusi\u00f3 d&rsquo;aquestes connexions externes no implicar\u00e0 cap tipus d&rsquo;associaci\u00f3, fusi\u00f3 o participaci\u00f3 amb les entitats connectades.<\/p><p><b>Drets d&rsquo;exclusi\u00f3<\/b><\/p><p>9. EL TITULAR es reserva el dret a denegar o retirar l&rsquo;acc\u00e9s a portal i\/o els serveis oferts sense necessitat d&rsquo;advertiment previ, a inst\u00e0ncia pr\u00f2pia o d&rsquo;un tercer, a aquells usuaris que incompleixin el contingut d&rsquo;aquest av\u00eds legal.<\/p><p><b>Generalitats<\/b><\/p><p>10. EL TITULAR perseguir\u00e0 l&rsquo;incompliment de les presents condicions aix\u00ed com qualsevol utilitzaci\u00f3 indeguda del seu portal exercint totes les accions civils i penals que li puguin correspondre en dret.<\/p><p><b>Legislaci\u00f3 aplicable i jurisdicci\u00f3<\/b><\/p><p>11. La relaci\u00f3 entre EL TITULAR i L&rsquo;USUARI es regir\u00e0 per la normativa espanyola vigent. Totes les disputes i reclamacions derivades d&rsquo;aquest av\u00eds legal es resoldran pels jutjats i tribunals espanyols.<\/p><p><b>Menors d&rsquo;edat<\/b><\/p><p>12.\u00a0viversgardenmoner.com\u00a0dirigeix els seus serveis a usuaris majors de 18 anys.\u00a0Els menors d&rsquo;aquesta edat no estan autoritzats a utilitzar els nostres serveis i no hauran de, per tant, enviar-nos les seves dades personals. Informem que si es d\u00f3na tal circumst\u00e0ncia,\u00a0VIVERS GARDEN MONER\u00a0no es fa responsable de les possibles conseq\u00fc\u00e8ncies que poguessin derivar-se de l&rsquo;incompliment de l&rsquo;av\u00eds que en aquesta mateixa cl\u00e0usula s&rsquo;estableix.<\/p>\t\t\t\t\t\t\t\t<\/div>\n\t\t\t\t<\/div>\n\t\t\t\t\t<\/div>\n\t\t<\/div>\n\t\t\t\t\t<\/div>\n\t\t<\/section>\n\t\t\t\t<\/div>\n\t\t","protected":false},"excerpt":{"rendered":"<p>Dades identificatives 1. Vost\u00e8 est\u00e0 visitant la p\u00e0gina web\u00a0viversgardenmoner.com\u00a0titularitat de\u00a0VIVERS GARDEN MONER\u00a0amb domicili social en\u00a0Carretera Orriols, 15 &#8212; 17130 L&rsquo;Escala\u00a0amb CIF\u00a0B17929464\u00a0inscrita en el Registre Mercantil de\u00a0Girona\u00a0en el\u00a0, d&rsquo;ara endavant EL TITULAR. Pot contactar amb el TITULAR per qualsevol dels seg\u00fcents mitjans: Tel\u00e8fon:\u00a0+34 972 77 13 26 Correu electr\u00f2nic de contacte:\u00a0viversgardenmoner@gmail.com Usuaris 2. Les presents condicions &#8230; <a title=\"Av\u00eds legal\" class=\"read-more\" href=\"https:\/\/viversgardenmoner.com\/fr\/avis-legal\/\" aria-label=\"En savoir plus sur Av\u00eds legal\">Lire la suite<\/a><\/p>\n","protected":false},"author":1,"featured_media":0,"parent":0,"menu_order":0,"comment_status":"closed","ping_status":"closed","template":"","meta":{"footnotes":""},"class_list":["post-1362","page","type-page","status-publish"],"yoast_head":"<!-- This site is optimized with the Yoast SEO plugin v27.1.1 - https:\/\/yoast.com\/product\/yoast-seo-wordpress\/ -->\n<title>Av\u00eds legal - Vivers Garden Moner<\/title>\n<meta name=\"robots\" content=\"noindex, nofollow\" \/>\n<meta property=\"og:locale\" content=\"fr_FR\" \/>\n<meta property=\"og:type\" content=\"article\" \/>\n<meta property=\"og:title\" content=\"Av\u00eds legal - Vivers Garden Moner\" \/>\n<meta property=\"og:description\" content=\"Dades identificatives 1. Vost\u00e8 est\u00e0 visitant la p\u00e0gina web\u00a0viversgardenmoner.com\u00a0titularitat de\u00a0VIVERS GARDEN MONER\u00a0amb domicili social en\u00a0Carretera Orriols, 15 &#8212; 17130 L&rsquo;Escala\u00a0amb CIF\u00a0B17929464\u00a0inscrita en el Registre Mercantil de\u00a0Girona\u00a0en el\u00a0, d&rsquo;ara endavant EL TITULAR. Pot contactar amb el TITULAR per qualsevol dels seg\u00fcents mitjans: Tel\u00e8fon:\u00a0+34 972 77 13 26 Correu electr\u00f2nic de contacte:\u00a0viversgardenmoner@gmail.com Usuaris 2. Les presents condicions ... Lire la suite\" \/>\n<meta property=\"og:url\" content=\"https:\/\/viversgardenmoner.com\/fr\/avis-legal\/\" \/>\n<meta property=\"og:site_name\" content=\"Vivers Garden Moner\" \/>\n<meta name=\"twitter:card\" content=\"summary_large_image\" \/>\n<meta name=\"twitter:label1\" content=\"Dur\u00e9e de lecture estim\u00e9e\" \/>\n\t<meta name=\"twitter:data1\" content=\"6 minutes\" \/>\n<script type=\"application\/ld+json\" class=\"yoast-schema-graph\">{\"@context\":\"https:\/\/schema.org\",\"@graph\":[{\"@type\":\"WebPage\",\"@id\":\"https:\/\/viversgardenmoner.com\/fr\/avis-legal\/\",\"url\":\"https:\/\/viversgardenmoner.com\/fr\/avis-legal\/\",\"name\":\"Av\u00eds legal - Vivers Garden Moner\",\"isPartOf\":{\"@id\":\"https:\/\/viversgardenmoner.com\/fr\/#website\"},\"datePublished\":\"2022-08-16T08:29:14+00:00\",\"breadcrumb\":{\"@id\":\"https:\/\/viversgardenmoner.com\/fr\/avis-legal\/#breadcrumb\"},\"inLanguage\":\"fr-FR\",\"potentialAction\":[{\"@type\":\"ReadAction\",\"target\":[\"https:\/\/viversgardenmoner.com\/fr\/avis-legal\/\"]}]},{\"@type\":\"BreadcrumbList\",\"@id\":\"https:\/\/viversgardenmoner.com\/fr\/avis-legal\/#breadcrumb\",\"itemListElement\":[{\"@type\":\"ListItem\",\"position\":1,\"name\":\"Portada\",\"item\":\"https:\/\/viversgardenmoner.com\/fr\/\"},{\"@type\":\"ListItem\",\"position\":2,\"name\":\"Av\u00eds legal\"}]},{\"@type\":\"WebSite\",\"@id\":\"https:\/\/viversgardenmoner.com\/fr\/#website\",\"url\":\"https:\/\/viversgardenmoner.com\/fr\/\",\"name\":\"Vivers Garden Moner\",\"description\":\"Otro sitio realizado con WordPress\",\"publisher\":{\"@id\":\"https:\/\/viversgardenmoner.com\/fr\/#organization\"},\"potentialAction\":[{\"@type\":\"SearchAction\",\"target\":{\"@type\":\"EntryPoint\",\"urlTemplate\":\"https:\/\/viversgardenmoner.com\/fr\/?s={search_term_string}\"},\"query-input\":{\"@type\":\"PropertyValueSpecification\",\"valueRequired\":true,\"valueName\":\"search_term_string\"}}],\"inLanguage\":\"fr-FR\"},{\"@type\":\"Organization\",\"@id\":\"https:\/\/viversgardenmoner.com\/fr\/#organization\",\"name\":\"Vivers Garden Moner\",\"url\":\"https:\/\/viversgardenmoner.com\/fr\/\",\"logo\":{\"@type\":\"ImageObject\",\"inLanguage\":\"fr-FR\",\"@id\":\"https:\/\/viversgardenmoner.com\/fr\/#\/schema\/logo\/image\/\",\"url\":\"https:\/\/viversgardenmoner.com\/wp-content\/uploads\/2022\/08\/logo-blanc_vivers-garden-moner.png\",\"contentUrl\":\"https:\/\/viversgardenmoner.com\/wp-content\/uploads\/2022\/08\/logo-blanc_vivers-garden-moner.png\",\"width\":452,\"height\":443,\"caption\":\"Vivers Garden Moner\"},\"image\":{\"@id\":\"https:\/\/viversgardenmoner.com\/fr\/#\/schema\/logo\/image\/\"}}]}<\/script>\n<!-- \/ Yoast SEO plugin. -->","yoast_head_json":{"title":"Av\u00eds legal - Vivers Garden Moner","robots":{"index":"noindex","follow":"nofollow"},"og_locale":"fr_FR","og_type":"article","og_title":"Av\u00eds legal - Vivers Garden Moner","og_description":"Dades identificatives 1. Vost\u00e8 est\u00e0 visitant la p\u00e0gina web\u00a0viversgardenmoner.com\u00a0titularitat de\u00a0VIVERS GARDEN MONER\u00a0amb domicili social en\u00a0Carretera Orriols, 15 &#8212; 17130 L&rsquo;Escala\u00a0amb CIF\u00a0B17929464\u00a0inscrita en el Registre Mercantil de\u00a0Girona\u00a0en el\u00a0, d&rsquo;ara endavant EL TITULAR. Pot contactar amb el TITULAR per qualsevol dels seg\u00fcents mitjans: Tel\u00e8fon:\u00a0+34 972 77 13 26 Correu electr\u00f2nic de contacte:\u00a0viversgardenmoner@gmail.com Usuaris 2. Les presents condicions ... Lire la suite","og_url":"https:\/\/viversgardenmoner.com\/fr\/avis-legal\/","og_site_name":"Vivers Garden Moner","twitter_card":"summary_large_image","twitter_misc":{"Dur\u00e9e de lecture estim\u00e9e":"6 minutes"},"schema":{"@context":"https:\/\/schema.org","@graph":[{"@type":"WebPage","@id":"https:\/\/viversgardenmoner.com\/fr\/avis-legal\/","url":"https:\/\/viversgardenmoner.com\/fr\/avis-legal\/","name":"Av\u00eds legal - Vivers Garden Moner","isPartOf":{"@id":"https:\/\/viversgardenmoner.com\/fr\/#website"},"datePublished":"2022-08-16T08:29:14+00:00","breadcrumb":{"@id":"https:\/\/viversgardenmoner.com\/fr\/avis-legal\/#breadcrumb"},"inLanguage":"fr-FR","potentialAction":[{"@type":"ReadAction","target":["https:\/\/viversgardenmoner.com\/fr\/avis-legal\/"]}]},{"@type":"BreadcrumbList","@id":"https:\/\/viversgardenmoner.com\/fr\/avis-legal\/#breadcrumb","itemListElement":[{"@type":"ListItem","position":1,"name":"Portada","item":"https:\/\/viversgardenmoner.com\/fr\/"},{"@type":"ListItem","position":2,"name":"Av\u00eds legal"}]},{"@type":"WebSite","@id":"https:\/\/viversgardenmoner.com\/fr\/#website","url":"https:\/\/viversgardenmoner.com\/fr\/","name":"Vivers Garden Moner","description":"Otro sitio realizado con WordPress","publisher":{"@id":"https:\/\/viversgardenmoner.com\/fr\/#organization"},"potentialAction":[{"@type":"SearchAction","target":{"@type":"EntryPoint","urlTemplate":"https:\/\/viversgardenmoner.com\/fr\/?s={search_term_string}"},"query-input":{"@type":"PropertyValueSpecification","valueRequired":true,"valueName":"search_term_string"}}],"inLanguage":"fr-FR"},{"@type":"Organization","@id":"https:\/\/viversgardenmoner.com\/fr\/#organization","name":"Vivers Garden Moner","url":"https:\/\/viversgardenmoner.com\/fr\/","logo":{"@type":"ImageObject","inLanguage":"fr-FR","@id":"https:\/\/viversgardenmoner.com\/fr\/#\/schema\/logo\/image\/","url":"https:\/\/viversgardenmoner.com\/wp-content\/uploads\/2022\/08\/logo-blanc_vivers-garden-moner.png","contentUrl":"https:\/\/viversgardenmoner.com\/wp-content\/uploads\/2022\/08\/logo-blanc_vivers-garden-moner.png","width":452,"height":443,"caption":"Vivers Garden Moner"},"image":{"@id":"https:\/\/viversgardenmoner.com\/fr\/#\/schema\/logo\/image\/"}}]}},"_links":{"self":[{"href":"https:\/\/viversgardenmoner.com\/fr\/wp-json\/wp\/v2\/pages\/1362","targetHints":{"allow":["GET"]}}],"collection":[{"href":"https:\/\/viversgardenmoner.com\/fr\/wp-json\/wp\/v2\/pages"}],"about":[{"href":"https:\/\/viversgardenmoner.com\/fr\/wp-json\/wp\/v2\/types\/page"}],"author":[{"embeddable":true,"href":"https:\/\/viversgardenmoner.com\/fr\/wp-json\/wp\/v2\/users\/1"}],"replies":[{"embeddable":true,"href":"https:\/\/viversgardenmoner.com\/fr\/wp-json\/wp\/v2\/comments?post=1362"}],"version-history":[{"count":0,"href":"https:\/\/viversgardenmoner.com\/fr\/wp-json\/wp\/v2\/pages\/1362\/revisions"}],"wp:attachment":[{"href":"https:\/\/viversgardenmoner.com\/fr\/wp-json\/wp\/v2\/media?parent=1362"}],"curies":[{"name":"wp","href":"https:\/\/api.w.org\/{rel}","templated":true}]}}